{"id":8045,"date":"2022-03-30T16:06:06","date_gmt":"2022-03-30T16:06:06","guid":{"rendered":"https:\/\/www.filigranesmenorca.com\/sobre-nosotros\/"},"modified":"2025-05-02T19:27:52","modified_gmt":"2025-05-02T17:27:52","slug":"sobre-nosotros","status":"publish","type":"page","link":"https:\/\/www.filigranesmenorca.com\/ca\/sobre-nosotros\/","title":{"rendered":"SOBRE NOSALTRES"},"content":{"rendered":"<section class=\"l-section wpb_row height_auto full_height valign_center with_img\" id=\"start\"><div class=\"l-section-img\" role=\"img\" data-img-width=\"2560\" data-img-height=\"1430\" style=\"background-image: url(https:\/\/www.filigranesmenorca.com\/wp-content\/uploads\/2025\/02\/FiligranesMenorca-103-scaled.jpg);\"><\/div><div class=\"l-section-overlay\" style=\"background:linear-gradient(180deg,rgba(26,26,26,0.50),rgba(0,0,0,0))\"><\/div><div class=\"l-section-h i-cf\"><div class=\"g-cols vc_row via_flex valign_top type_default stacking_default\"><div class=\"vc_col-sm-12 wpb_column vc_column_container\"><div class=\"vc_column-inner\"><div class=\"wpb_wrapper\"><div class=\"w-separator size_custom\" style=\"height:200px\"><\/div><div class=\"g-cols wpb_row via_flex valign_top type_default stacking_default\"><div class=\"vc_col-sm-4 wpb_column vc_column_container\"><div class=\"vc_column-inner\"><div class=\"wpb_wrapper\"><\/div><\/div><\/div><div class=\"vc_col-sm-4 wpb_column vc_column_container\"><div class=\"vc_column-inner us_custom_1fb8b2dc us_animate_this\"><div class=\"wpb_wrapper\"><div class=\"w-image align_center\"><div class=\"w-image-h\"><img decoding=\"async\" width=\"800\" height=\"720\" src=\"https:\/\/www.filigranesmenorca.com\/wp-content\/uploads\/2024\/05\/lgo-filogranes-web-800-white.png\" class=\"attachment-large size-large\" alt=\"\" loading=\"lazy\" srcset=\"https:\/\/www.filigranesmenorca.com\/wp-content\/uploads\/2024\/05\/lgo-filogranes-web-800-white.png 800w, https:\/\/www.filigranesmenorca.com\/wp-content\/uploads\/2024\/05\/lgo-filogranes-web-800-white-600x540.png 600w, https:\/\/www.filigranesmenorca.com\/wp-content\/uploads\/2024\/05\/lgo-filogranes-web-800-white-300x270.png 300w, https:\/\/www.filigranesmenorca.com\/wp-content\/uploads\/2024\/05\/lgo-filogranes-web-800-white-26x23.png 26w, https:\/\/www.filigranesmenorca.com\/wp-content\/uploads\/2024\/05\/lgo-filogranes-web-800-white-400x360.png 400w, https:\/\/www.filigranesmenorca.com\/wp-content\/uploads\/2024\/05\/lgo-filogranes-web-800-white-500x450.png 500w, https:\/\/www.filigranesmenorca.com\/wp-content\/uploads\/2024\/05\/lgo-filogranes-web-800-white-444x400.png 444w, https:\/\/www.filigranesmenorca.com\/wp-content\/uploads\/2024\/05\/lgo-filogranes-web-800-white-100x90.png 100w\" sizes=\"(max-width: 800px) 100vw, 800px\" \/><\/div><\/div><div class=\"w-separator size_small\"><\/div><p class=\"w-text us_custom_69869cd3 has_text_color\"><span class=\"w-text-h\"><span class=\"w-text-value\">DESCOBREIX MENORCA EN VELER<\/span><\/span><\/p><\/div><\/div><\/div><div class=\"vc_col-sm-4 wpb_column vc_column_container\"><div class=\"vc_column-inner\"><div class=\"wpb_wrapper\"><\/div><\/div><\/div><\/div><div class=\"g-cols wpb_row via_flex valign_top type_default stacking_default\"><div class=\"vc_col-sm-12 wpb_column vc_column_container\"><div class=\"vc_column-inner us_custom_8c71efed us_animate_this\"><div class=\"wpb_wrapper\"><div class=\"w-separator size_small\"><\/div><div class=\"w-btn-wrapper align_center\"><a class=\"w-btn us-btn-style_11\" href=\"#details\"><span class=\"w-btn-label\">M\u00e9s info<\/span><\/a><\/div><\/div><\/div><\/div><\/div><div class=\"w-separator size_custom\" style=\"height:200px\"><\/div><\/div><\/div><\/div><\/div><\/div><\/section><section class=\"l-section wpb_row height_medium\" id=\"details\"><div class=\"l-section-overlay\" style=\"background:rgba(255,255,255,0.67)\"><\/div><div class=\"l-section-h i-cf\"><div class=\"g-cols vc_row via_flex valign_middle type_default stacking_default\"><div class=\"vc_col-sm-6 wpb_column vc_column_container\"><div class=\"vc_column-inner\"><div class=\"wpb_wrapper\"><div class=\"wpb_text_column\"><div class=\"wpb_wrapper\"><h2>QU\u00c8 \u00c9S FILIGRANS MENORCA?<\/h2>\n<p>Som una empresa familiar que oferim excursions amb velers amb patr\u00f3 professional. Som dos apassionats del mar i de la vela nascuts a Menorca, fills de navegants i pescadors, les nostres vides sempre han estat molt lligades al mar ia la navegaci\u00f3. La creaci\u00f3 d\u02bbaquesta empresa sorgeix de les ganes de compartir la nostra passi\u00f3 pel mar, la navegaci\u00f3 a vela i l\u02bbamor per la nostra meravellosa illa. Volem transmetre tots aquests sentiments i que puguis gaudir de les nostres platges i aig\u00fces cristal\u00b7lines en un medi sense soroll, amb molt poca contaminaci\u00f3 i sense presses com \u00e9s un veler, respectant sempre la flora i la fauna marines de la Reserva de la Biosfera.<\/p>\n<\/div><\/div><\/div><\/div><\/div><div class=\"vc_col-sm-6 vc_hidden-xs wpb_column vc_column_container\"><div class=\"vc_column-inner\"><div class=\"wpb_wrapper\"><div class=\"w-image us_custom_9cf479d2 style_shadow-2 align_center\"><div class=\"w-image-h\"><div class=\"w-image-shadow\" style=\"background-image:url(https:\/\/www.filigranesmenorca.com\/wp-content\/uploads\/2025\/03\/FiligranesMenorca-145-600x500.jpg);\"><\/div><img decoding=\"async\" width=\"600\" height=\"500\" src=\"https:\/\/www.filigranesmenorca.com\/wp-content\/uploads\/2025\/03\/FiligranesMenorca-145-600x500.jpg\" class=\"attachment-us_600_500_crop size-us_600_500_crop\" alt=\"\" loading=\"lazy\" \/><\/div><\/div><\/div><\/div><\/div><\/div><\/div><\/section><section class=\"l-section wpb_row height_medium\" id=\"details\"><div class=\"l-section-overlay\" style=\"background:rgba(255,255,255,0.67)\"><\/div><div class=\"l-section-h i-cf\"><div class=\"g-cols vc_row via_flex valign_middle type_default stacking_default\"><div class=\"vc_col-sm-6 wpb_column vc_column_container\"><div class=\"vc_column-inner\"><div class=\"wpb_wrapper\"><div class=\"w-image us_custom_9cf479d2 style_shadow-2 align_center\"><div class=\"w-image-h\"><div class=\"w-image-shadow\" style=\"background-image:url(https:\/\/www.filigranesmenorca.com\/wp-content\/uploads\/2025\/03\/FiligranesMenorca-57-600x500.jpg);\"><\/div><img decoding=\"async\" width=\"600\" height=\"500\" src=\"https:\/\/www.filigranesmenorca.com\/wp-content\/uploads\/2025\/03\/FiligranesMenorca-57-600x500.jpg\" class=\"attachment-us_600_500_crop size-us_600_500_crop\" alt=\"\" loading=\"lazy\" \/><\/div><\/div><\/div><\/div><\/div><div class=\"vc_col-sm-6 wpb_column vc_column_container\"><div class=\"vc_column-inner\"><div class=\"wpb_wrapper\"><div class=\"wpb_text_column\"><div class=\"wpb_wrapper\"><h2>EL NOSTRE PATR\u00d3<\/h2>\n<p>En Guillem \u00e9s un apassionat del mar i de la vela. Natural d&#8217;Es Migjorn Gran, al sud de Menorca. Des de ben jove va iniciar la seva relaci\u00f3 amb el m\u00f3n de la vela navegant en wind surf i vela lleugera i, sempre que t\u00e9 ocasi\u00f3, aprofita per sortir a navegar amb el seu veler i con\u00e8ixer els racons m\u00e9s marrecs i exclusius de l&#8217;illa. T\u00e9 m\u00e9s d&#8217;onze anys d&#8217;experi\u00e8ncia com a guia d&#8217;excursions pel nord de Menorca apropant les fascinants cales i platges a tots els visitants curiosos. Per\u00f2 a m\u00e9s \u00e9s mec\u00e0nic d&#8217;embarcacions el que ens aporta una tranquil\u00b7litat extra que el vaixell sempre est\u00e0 en les millors condicions possibles.<\/p>\n<\/div><\/div><\/div><\/div><\/div><\/div><\/div><\/section><section class=\"l-section wpb_row height_medium\" id=\"details\"><div class=\"l-section-overlay\" style=\"background:rgba(255,255,255,0.67)\"><\/div><div class=\"l-section-h i-cf\"><div class=\"g-cols vc_row via_flex valign_top type_default reversed stacking_default\"><div class=\"vc_col-sm-6 wpb_column vc_column_container\"><div class=\"vc_column-inner\"><div class=\"wpb_wrapper\"><div class=\"wpb_text_column\"><div class=\"wpb_wrapper\"><h2>EL NOSTRE VAIXELL: F\u00daRIA 37<\/h2>\n<p>Els camins de la drassana F\u00faria (Dressport) van comen\u00e7ar a mitjans de la d\u00e8cada dels 70. Van ser, i continuen sent, uns vaixells de gran acceptaci\u00f3. No hi ha dubte que van marcar una fita a la ind\u00fastria nacional durant la d\u00e8cada dels vuitanta per\u00f2 despr\u00e9s de l&#8217;entrada d&#8217;Espanya Comunitat Europea Dresport, a primers dels anys 90, va haver de tancar les portes deixant poquets exemplars fabricats, cosa que els fa gaireb\u00e9 \u00fanics. El vaixell presenta unes formes for\u00e7a actuals, amb una popa \u00e0mplia i arrodonida, una m\u00e0nega considerable i uns ap\u00e8ndixs de moderna factura. El F\u00faria 37 \u00e9s segurament el F\u00faria que va n\u00e9ixer amb m\u00e9s ambicions esportives. El seu palmar\u00e8s en regata, combinat amb una encertada distribuci\u00f3 interior per al creuer, van establir les bases del seu \u00e8xit. A primers dels vuitanta va ser un model de refer\u00e8ncia al mercat espanyol. Sempre ha destacat per la seva duresa a l&#8217;escora i per una capacitat excel\u00b7lent de remuntar el vent en tota condici\u00f3 de mar. Les seves qualitats de navegaci\u00f3 i la seva habitabilitat interessant continuen sent els seus punts forts. <strong>Caracter\u00edstiques:<\/strong><\/p>\n<ul>\n<li>Eslora: 11,85 m<\/li>\n<li>Manga: 3,74 m<\/li>\n<li>Calat: 2,12m<\/li>\n<li>Superf\u00edcie v\u00e8lica: 78m2<\/li>\n<li>Capacitat a coberta: 10 persones<\/li>\n<li>Motor: Mercedes Benz 70cv<\/li>\n<\/ul>\n<p><strong>Equipament:<\/strong> &lt; ul&gt;<\/p>\n<ul>\n<li>2 cabines dobles i una llitera individual<\/li>\n<li>1 bany complet<\/li>\n<li>Cuina i nevera<\/li>\n<li>Sal\u00f3 amb sof\u00e0<\/li>\n<li>2 Paddle surf<\/li>\n<li>Equips d&#8217;esn\u00f2rquel<\/li>\n<li>Inversor carregador de m\u00f2bils<\/li>\n<\/ul>\n<\/div><\/div><\/div><\/div><\/div><div class=\"vc_col-sm-6 wpb_column vc_column_container\"><div class=\"vc_column-inner type_sticky\"><div class=\"wpb_wrapper\"><div class=\"w-image us_custom_9cf479d2 style_shadow-2 align_center\"><div class=\"w-image-h\"><div class=\"w-image-shadow\" style=\"background-image:url(https:\/\/www.filigranesmenorca.com\/wp-content\/uploads\/2025\/02\/FiligranesMenorca-166-1024x575.jpg);\"><\/div><img decoding=\"async\" width=\"1024\" height=\"575\" src=\"https:\/\/www.filigranesmenorca.com\/wp-content\/uploads\/2025\/02\/FiligranesMenorca-166-1024x575.jpg\" class=\"attachment-large size-large\" alt=\"\" loading=\"lazy\" srcset=\"https:\/\/www.filigranesmenorca.com\/wp-content\/uploads\/2025\/02\/FiligranesMenorca-166-1024x575.jpg 1024w, https:\/\/www.filigranesmenorca.com\/wp-content\/uploads\/2025\/02\/FiligranesMenorca-166-300x169.jpg 300w, https:\/\/www.filigranesmenorca.com\/wp-content\/uploads\/2025\/02\/FiligranesMenorca-166-26x15.jpg 26w, https:\/\/www.filigranesmenorca.com\/wp-content\/uploads\/2025\/02\/FiligranesMenorca-166-400x225.jpg 400w, https:\/\/www.filigranesmenorca.com\/wp-content\/uploads\/2025\/02\/FiligranesMenorca-166-500x281.jpg 500w, https:\/\/www.filigranesmenorca.com\/wp-content\/uploads\/2025\/02\/FiligranesMenorca-166-700x393.jpg 700w, https:\/\/www.filigranesmenorca.com\/wp-content\/uploads\/2025\/02\/FiligranesMenorca-166-100x56.jpg 100w, https:\/\/www.filigranesmenorca.com\/wp-content\/uploads\/2025\/02\/FiligranesMenorca-166-600x337.jpg 600w\" sizes=\"(max-width: 1024px) 100vw, 1024px\" \/><\/div><\/div><\/div><\/div><\/div><\/div><\/div><\/section><section class=\"l-section wpb_row us_custom_d60b1d81 height_medium\" id=\"details\"><div class=\"l-section-overlay\" style=\"background:#194885\"><\/div><div class=\"l-section-h i-cf\"><div class=\"g-cols vc_row via_flex valign_top type_default stacking_default\"><div class=\"vc_col-sm-12 wpb_column vc_column_container\"><div class=\"vc_column-inner\"><div class=\"wpb_wrapper\"><div class=\"g-cols wpb_row via_flex valign_top type_default stacking_default\"><div class=\"vc_col-sm-3 wpb_column vc_column_container\"><div class=\"vc_column-inner\"><div class=\"wpb_wrapper\"><\/div><\/div><\/div><div class=\"vc_col-sm-6 wpb_column vc_column_container\"><div class=\"vc_column-inner\"><div class=\"wpb_wrapper\"><p class=\"w-text us_custom_3e6fc990 has_text_color\"><a href=\"tel:DESCOBREIX LA MILLOR EXPERI\u00c8NCIA N\u00c0UTICA A MENORCA\" class=\"w-text-h\"><span class=\"w-text-value\">DESCOBREIX LA MILLOR EXPERI\u00c8NCIA N\u00c0UTICA A MENORCA<\/span><\/a><\/p><div class=\"w-separator size_custom\" style=\"height:10px\"><\/div><div class=\"wpb_text_column us_custom_6df4bc3a has_text_color\"><div class=\"wpb_wrapper\"><p style=\"text-align: center\">Vols solcar les onades amb el nostre veler? Tria una de les nostres excursions i gaudeix de les teves vacances<\/p>\n<\/div><\/div><\/div><\/div><\/div><div class=\"vc_col-sm-3 wpb_column vc_column_container\"><div class=\"vc_column-inner\"><div class=\"wpb_wrapper\"><\/div><\/div><\/div><\/div><div class=\"w-separator size_small\"><\/div><div class=\"w-hwrapper valign_middle wrap align_center\" style=\"--hwrapper-gap:1.20rem\"><div class=\"w-btn-wrapper align_center\"><a class=\"w-btn us-btn-style_7 icon_atleft\" title=\"EXCURSIONES EN VELERO EN MENORCA\" href=\"https:\/\/www.filigranesmenorca.com\/alquilar-barco-en-menorca\/\"><i class=\"fas fa-search\"><\/i><span class=\"w-btn-label\">VEURE EXCURSIONS DISPONIBLES<\/span><\/a><\/div><\/div><div class=\"w-separator size_small\"><\/div><\/div><\/div><\/div><\/div><\/div><\/section>\n","protected":false},"excerpt":{"rendered":"DESCOBREIX MENORCA EN VELERM\u00e9s infoQU\u00c8 \u00c9S FILIGRANS MENORCA? Som una empresa familiar que oferim excursions amb velers amb patr\u00f3 professional. Som dos apassionats del mar i de la vela nascuts a Menorca, fills de navegants i pescadors, les nostres vides sempre han estat molt lligades al mar ia la navegaci\u00f3. La creaci\u00f3 d\u02bbaquesta empresa sorgeix...","protected":false},"author":8,"featured_media":8526,"parent":0,"menu_order":0,"comment_status":"closed","ping_status":"closed","template":"","meta":{"_acf_changed":false,"_joinchat":[],"footnotes":""},"acf":[],"_links":{"self":[{"href":"https:\/\/www.filigranesmenorca.com\/ca\/wp-json\/wp\/v2\/pages\/8045"}],"collection":[{"href":"https:\/\/www.filigranesmenorca.com\/ca\/wp-json\/wp\/v2\/pages"}],"about":[{"href":"https:\/\/www.filigranesmenorca.com\/ca\/wp-json\/wp\/v2\/types\/page"}],"author":[{"embeddable":true,"href":"https:\/\/www.filigranesmenorca.com\/ca\/wp-json\/wp\/v2\/users\/8"}],"replies":[{"embeddable":true,"href":"https:\/\/www.filigranesmenorca.com\/ca\/wp-json\/wp\/v2\/comments?post=8045"}],"version-history":[{"count":11,"href":"https:\/\/www.filigranesmenorca.com\/ca\/wp-json\/wp\/v2\/pages\/8045\/revisions"}],"predecessor-version":[{"id":8709,"href":"https:\/\/www.filigranesmenorca.com\/ca\/wp-json\/wp\/v2\/pages\/8045\/revisions\/8709"}],"wp:featuredmedia":[{"embeddable":true,"href":"https:\/\/www.filigranesmenorca.com\/ca\/wp-json\/wp\/v2\/media\/8526"}],"wp:attachment":[{"href":"https:\/\/www.filigranesmenorca.com\/ca\/wp-json\/wp\/v2\/media?parent=8045"}],"curies":[{"name":"wp","href":"https:\/\/api.w.org\/{rel}","templated":true}]}}