{"id":8042,"date":"2024-05-17T19:44:09","date_gmt":"2024-05-17T17:44:09","guid":{"rendered":"https:\/\/www.filigranesmenorca.com\/extras\/"},"modified":"2025-03-11T12:01:40","modified_gmt":"2025-03-11T11:01:40","slug":"extras","status":"publish","type":"page","link":"https:\/\/www.filigranesmenorca.com\/ca\/extras\/","title":{"rendered":"EXTRES"},"content":{"rendered":"<section class=\"l-section wpb_row us_custom_751a3f22 height_auto full_height valign_center with_img\" id=\"start\"><div class=\"l-section-img\" role=\"img\" data-img-width=\"2560\" data-img-height=\"1438\" style=\"background-image: url(https:\/\/www.filigranesmenorca.com\/wp-content\/uploads\/2025\/02\/FiligranesMenorca-110-scaled.jpg);\"><\/div><div class=\"l-section-overlay\" style=\"background:linear-gradient(180deg,rgba(26,26,26,0.50),rgba(0,0,0,0))\"><\/div><div class=\"l-section-h i-cf\"><div class=\"g-cols vc_row via_flex valign_top type_default stacking_default\"><div class=\"vc_col-sm-12 wpb_column vc_column_container\"><div class=\"vc_column-inner\"><div class=\"wpb_wrapper\"><div class=\"w-separator size_custom\" style=\"height:200px\"><\/div><div class=\"g-cols wpb_row via_flex valign_top type_default stacking_default\"><div class=\"vc_col-sm-3 wpb_column vc_column_container\"><div class=\"vc_column-inner\"><div class=\"wpb_wrapper\"><\/div><\/div><\/div><div class=\"vc_col-sm-6 wpb_column vc_column_container\"><div class=\"vc_column-inner us_custom_1fb8b2dc us_animate_this\"><div class=\"wpb_wrapper\"><div class=\"w-separator size_small\"><\/div><h2 class=\"w-text us_custom_bf422602 has_text_color\"><span class=\"w-text-h\"><span class=\"w-text-value\">COMPLETA LA TEVA EXCURSI\u00d3<\/span><\/span><\/h2><p class=\"w-text us_custom_69869cd3 has_text_color\"><span class=\"w-text-h\"><span class=\"w-text-value\">T&#8217;OFERIM LES MILLORS OPCIONS PER A LA TEVA EXCURSI\u00d3 EN VELER.<\/span><\/span><\/p><\/div><\/div><\/div><div class=\"vc_col-sm-3 wpb_column vc_column_container\"><div class=\"vc_column-inner\"><div class=\"wpb_wrapper\"><\/div><\/div><\/div><\/div><div class=\"g-cols wpb_row via_flex valign_top type_default stacking_default\"><div class=\"vc_col-sm-12 wpb_column vc_column_container\"><div class=\"vc_column-inner us_custom_8c71efed us_animate_this\"><div class=\"wpb_wrapper\"><div class=\"w-separator size_small\"><\/div><div class=\"w-btn-wrapper align_center\"><a class=\"w-btn us-btn-style_11\" href=\"#details\"><span class=\"w-btn-label\">VEURE M\u00c9S<\/span><\/a><\/div><\/div><\/div><\/div><\/div><div class=\"w-separator size_custom\" style=\"height:200px\"><\/div><\/div><\/div><\/div><\/div><\/div><\/section><section class=\"l-section wpb_row height_medium\" id=\"details\"><div class=\"l-section-overlay\" style=\"background:rgba(255,255,255,0.67)\"><\/div><div class=\"l-section-h i-cf\"><div class=\"g-cols vc_row via_flex valign_middle type_default reversed stacking_default\"><div class=\"vc_col-sm-6 wpb_column vc_column_container\"><div class=\"vc_column-inner\"><div class=\"wpb_wrapper\"><div class=\"wpb_text_column\"><div class=\"wpb_wrapper\"><h2>GASTRONOMIA ABORD DEL VAIXELL<\/h2>\n<p>T&#8217;oferim la possibilitat de demanar menjar i que nosaltres t&#8217;ho portem al vaixell. Els men\u00fas s\u00f3n de <strong>s&#8217;Ambosta Obrador\u00a0<\/strong><\/p>\n<ul>\n<li dir=\"ltr\">\n<p dir=\"ltr\"><strong>Excursi\u00f3 de dia i posta de sol compartida<\/strong>: escull entre les opcions de READY TO GO i POSTRES<\/p>\n<\/li>\n<li dir=\"ltr\">\n<p dir=\"ltr\"><strong>Excursions privades<\/strong>: pots escollir qualsevol cosa de la carta per\u00f2 has d&#8217;avisar amb 72h d&#8217;antelaci\u00f3.<\/p>\n<\/li>\n<\/ul>\n<p>Ho has de contractar com a m\u00e0xim fins a 48h abans de l&#8217;excursi\u00f3 per donar-nos temps a organitzar-ho tot. Aquest servei es paga a part.<\/p>\n<\/div><\/div><div class=\"w-hwrapper valign_middle wrap align_none\" style=\"--hwrapper-gap:1.20rem\"><div class=\"w-btn-wrapper align_center\"><a class=\"w-btn us-btn-style_11 icon_atleft\" target=\"_blank\" rel=\"nofollow\" title=\"VER CARTA\" href=\"https:\/\/www.filigranesmenorca.com\/wp-content\/uploads\/2024\/06\/CARTA-.pdf\"><i class=\"fas fa-clipboard-list\"><\/i><span class=\"w-btn-label\">VEURE CARTA<\/span><\/a><\/div><\/div><div class=\"w-separator size_small\"><\/div><div class=\"wpb_text_column us_custom_1b04de86\"><div class=\"wpb_wrapper\"><p><em> Visitar web <a href=\"https:\/\/www.obradormenorca.com\/\" target=\"_blank\" rel=\"noopener\"><strong>s&#8217;Ambosta Obrador\u00a0<\/strong><\/a><\/em><\/p>\n<\/div><\/div><\/div><\/div><\/div><div class=\"vc_col-sm-6 wpb_column vc_column_container\"><div class=\"vc_column-inner\"><div class=\"wpb_wrapper\"><div class=\"w-image us_custom_9cf479d2 style_shadow-2 align_center\"><div class=\"w-image-h\"><div class=\"w-image-shadow\" style=\"background-image:url(https:\/\/www.filigranesmenorca.com\/wp-content\/uploads\/2025\/03\/FiligranesMenorca-95-600x500.jpg);\"><\/div><img decoding=\"async\" width=\"600\" height=\"500\" src=\"https:\/\/www.filigranesmenorca.com\/wp-content\/uploads\/2025\/03\/FiligranesMenorca-95-600x500.jpg\" class=\"attachment-us_600_500_crop size-us_600_500_crop\" alt=\"\" loading=\"lazy\" \/><\/div><\/div><\/div><\/div><\/div><\/div><\/div><\/section><section class=\"l-section wpb_row us_custom_d60b1d81 height_medium\" id=\"details\"><div class=\"l-section-overlay\" style=\"background:#194885\"><\/div><div class=\"l-section-h i-cf\"><div class=\"g-cols vc_row via_flex valign_top type_default stacking_default\"><div class=\"vc_col-sm-12 wpb_column vc_column_container\"><div class=\"vc_column-inner\"><div class=\"wpb_wrapper\"><div class=\"g-cols wpb_row via_flex valign_top type_default stacking_default\"><div class=\"vc_col-sm-3 wpb_column vc_column_container\"><div class=\"vc_column-inner\"><div class=\"wpb_wrapper\"><\/div><\/div><\/div><div class=\"vc_col-sm-6 wpb_column vc_column_container\"><div class=\"vc_column-inner\"><div class=\"wpb_wrapper\"><p class=\"w-text us_custom_3e6fc990 has_text_color\"><a href=\"tel:DESCOBREIX LA MILLOR EXPERI\u00c8NCIA N\u00c0UTICA A MENORCA\" class=\"w-text-h\"><span class=\"w-text-value\">DESCOBREIX LA MILLOR EXPERI\u00c8NCIA N\u00c0UTICA A MENORCA<\/span><\/a><\/p><div class=\"w-separator size_custom\" style=\"height:10px\"><\/div><div class=\"wpb_text_column us_custom_6df4bc3a has_text_color\"><div class=\"wpb_wrapper\"><p style=\"text-align: center\">Vols solcar les onades amb el nostre veler? Tria una de les nostres excursions i gaudeix de les teves vacances<\/p>\n<\/div><\/div><\/div><\/div><\/div><div class=\"vc_col-sm-3 wpb_column vc_column_container\"><div class=\"vc_column-inner\"><div class=\"wpb_wrapper\"><\/div><\/div><\/div><\/div><div class=\"w-separator size_small\"><\/div><div class=\"w-hwrapper valign_middle wrap align_center\" style=\"--hwrapper-gap:1.20rem\"><div class=\"w-btn-wrapper align_center\"><a class=\"w-btn us-btn-style_7 icon_atleft\" title=\"EXCURSIONES EN VELERO EN MENORCA\" href=\"https:\/\/www.filigranesmenorca.com\/alquilar-barco-en-menorca\/\"><i class=\"fas fa-search\"><\/i><span class=\"w-btn-label\">VEURE EXCURSIONS DISPONIBLES<\/span><\/a><\/div><\/div><div class=\"w-separator size_small\"><\/div><\/div><\/div><\/div><\/div><\/div><\/section>\n","protected":false},"excerpt":{"rendered":"COMPLETA LA TEVA EXCURSI\u00d3T&#8217;OFERIM LES MILLORS OPCIONS PER A LA TEVA EXCURSI\u00d3 EN VELER.VEURE M\u00c9SGASTRONOMIA ABORD DEL VAIXELL T&#8217;oferim la possibilitat de demanar menjar i que nosaltres t&#8217;ho portem al vaixell. Els men\u00fas s\u00f3n de s&#8217;Ambosta Obrador\u00a0 Excursi\u00f3 de dia i posta de sol compartida: escull entre les opcions de READY TO GO i POSTRES...","protected":false},"author":8,"featured_media":8500,"parent":0,"menu_order":0,"comment_status":"closed","ping_status":"closed","template":"","meta":{"_acf_changed":false,"_joinchat":[],"footnotes":""},"acf":[],"_links":{"self":[{"href":"https:\/\/www.filigranesmenorca.com\/ca\/wp-json\/wp\/v2\/pages\/8042"}],"collection":[{"href":"https:\/\/www.filigranesmenorca.com\/ca\/wp-json\/wp\/v2\/pages"}],"about":[{"href":"https:\/\/www.filigranesmenorca.com\/ca\/wp-json\/wp\/v2\/types\/page"}],"author":[{"embeddable":true,"href":"https:\/\/www.filigranesmenorca.com\/ca\/wp-json\/wp\/v2\/users\/8"}],"replies":[{"embeddable":true,"href":"https:\/\/www.filigranesmenorca.com\/ca\/wp-json\/wp\/v2\/comments?post=8042"}],"version-history":[{"count":8,"href":"https:\/\/www.filigranesmenorca.com\/ca\/wp-json\/wp\/v2\/pages\/8042\/revisions"}],"predecessor-version":[{"id":8511,"href":"https:\/\/www.filigranesmenorca.com\/ca\/wp-json\/wp\/v2\/pages\/8042\/revisions\/8511"}],"wp:featuredmedia":[{"embeddable":true,"href":"https:\/\/www.filigranesmenorca.com\/ca\/wp-json\/wp\/v2\/media\/8500"}],"wp:attachment":[{"href":"https:\/\/www.filigranesmenorca.com\/ca\/wp-json\/wp\/v2\/media?parent=8042"}],"curies":[{"name":"wp","href":"https:\/\/api.w.org\/{rel}","templated":true}]}}