{"id":8038,"date":"2020-06-23T10:51:22","date_gmt":"2020-06-23T10:51:22","guid":{"rendered":"https:\/\/www.filigranesmenorca.com\/home\/"},"modified":"2026-04-27T10:25:11","modified_gmt":"2026-04-27T08:25:11","slug":"home","status":"publish","type":"page","link":"https:\/\/www.filigranesmenorca.com\/ca\/","title":{"rendered":"Lloguer de Veler a Menorca"},"content":{"rendered":"<section class=\"l-section wpb_row height_medium full_height valign_center color_secondary with_slider\" id=\"start_desk\"><div class=\"l-section-slider\"><div class=\"w-slider style_none fit_cover\"><div class=\"w-slider-h\"><div class=\"royalSlider\"><div class=\"rsContent\"><a class=\"rsImg\" data-rsw=\"2560\" data-rsh=\"1438\" href=\"https:\/\/www.filigranesmenorca.com\/wp-content\/uploads\/2025\/02\/FiligranesMenorca-119-scaled.jpg\"><span data-alt=\"\"><\/span><\/a><\/div><div class=\"rsContent\"><a class=\"rsImg\" data-rsw=\"2560\" data-rsh=\"1445\" href=\"https:\/\/www.filigranesmenorca.com\/wp-content\/uploads\/2025\/02\/FiligranesMenorca-125-1-scaled.jpg\"><span data-alt=\"\"><\/span><\/a><\/div><\/div><img decoding=\"async\" src=\"https:\/\/www.filigranesmenorca.com\/wp-content\/uploads\/2025\/02\/FiligranesMenorca-119-scaled.jpg\" width=\"2560\" height=\"1438\" alt loading=\"lazy\"><\/div><div class=\"w-slider-json\" onclick='return {&quot;autoScaleSlider&quot;:true,&quot;loop&quot;:true,&quot;fadeInLoadedSlide&quot;:false,&quot;slidesSpacing&quot;:0,&quot;imageScalePadding&quot;:0,&quot;numImagesToPreload&quot;:2,&quot;arrowsNav&quot;:false,&quot;arrowsNavAutoHide&quot;:false,&quot;transitionType&quot;:&quot;fade&quot;,&quot;transitionSpeed&quot;:1000,&quot;block&quot;:{&quot;moveEffect&quot;:&quot;none&quot;,&quot;speed&quot;:300},&quot;thumbs&quot;:{&quot;fitInViewport&quot;:false},&quot;controlNavigation&quot;:&quot;none&quot;,&quot;autoplay&quot;:{&quot;enabled&quot;:true,&quot;pauseOnHover&quot;:false,&quot;delay&quot;:3000},&quot;imageScaleMode&quot;:&quot;fill&quot;,&quot;autoScaleSliderWidth&quot;:2560,&quot;autoScaleSliderHeight&quot;:1438}'><\/div><\/div><\/div><div class=\"l-section-overlay\" style=\"background:linear-gradient(360deg,rgba(0,0,0,0),rgba(0,0,0,0.25))\"><\/div><div class=\"l-section-h i-cf\"><div class=\"g-cols vc_row via_flex valign_middle type_default stacking_default\"><div class=\"vc_col-sm-12 wpb_column vc_column_container\"><div class=\"vc_column-inner\"><div class=\"wpb_wrapper\"><div class=\"w-separator size_small\"><\/div><div class=\"g-cols wpb_row us_custom_4b7a8c8e via_flex valign_top type_default stacking_default\"><div class=\"vc_col-sm-12 wpb_column vc_column_container us_animate_afb\" style=\"animation-delay:0.2s\"><div class=\"vc_column-inner\"><div class=\"wpb_wrapper\"><h1 class=\"w-text us_custom_f8f06e06 has_text_color us_animate_this\" id=\"stext\"><span class=\"w-text-h\"><span class=\"w-text-value\">DESCOBREIX EL NORD DE MENORCA EN VELER<\/span><\/span><\/h1><div class=\"wpb_text_column us_custom_c3bf2a96 has_text_color us_animate_this\" id=\"stext\"><div class=\"wpb_wrapper\"><p style=\"text-align: center;\">Descobreix les cales m\u00e9s id\u00edl\u00b7liques de Menorca a Velero<\/p>\n<\/div><\/div><\/div><\/div><\/div><\/div><div class=\"g-cols wpb_row via_flex valign_top type_default stacking_default\"><div class=\"vc_col-sm-12 wpb_column vc_column_container\"><div class=\"vc_column-inner\"><div class=\"wpb_wrapper\"><div class=\"w-separator size_small\"><\/div><div class=\"w-btn-wrapper align_center hide_on_default hide_on_laptops hide_on_tablets hide_on_mobiles\"><a class=\"w-btn us-btn-style_8 us_custom_679df2b0 us_animate_this\" href=\"#boats\"><span class=\"w-btn-label\">tria la teva excursi\u00f3<\/span><\/a><\/div><div class=\"w-btn-wrapper align_center\"><a class=\"w-btn us-btn-style_8 us_custom_679df2b0 us_animate_this\" href=\"#boats\"><span class=\"w-btn-label\">+INFO<\/span><\/a><\/div><\/div><\/div><\/div><\/div><\/div><\/div><\/div><\/div><\/div><\/section><section class=\"l-section wpb_row us_custom_d60b1d81 height_medium width_full\" id=\"boats\"><div class=\"l-section-overlay\" style=\"background:#194885\"><\/div><div class=\"l-section-h i-cf\"><div class=\"g-cols vc_row via_flex valign_top type_default stacking_default\"><div class=\"vc_col-sm-12 wpb_column vc_column_container\"><div class=\"vc_column-inner\"><div class=\"wpb_wrapper\"><h2 class=\"w-text us_custom_5242c827 has_text_color\"><span class=\"w-text-h\"><span class=\"w-text-value\">LLOGA VELER A MENORCA AL MILLOR PREU<\/span><\/span><\/h2><div class=\"g-cols wpb_row via_flex valign_top type_default stacking_default\"><div class=\"vc_col-sm-3 wpb_column vc_column_container\"><div class=\"vc_column-inner\"><div class=\"wpb_wrapper\"><\/div><\/div><\/div><div class=\"vc_col-sm-6 wpb_column vc_column_container\"><div class=\"vc_column-inner\"><div class=\"wpb_wrapper\"><div class=\"wpb_text_column us_custom_6df4bc3a has_text_color\"><div class=\"wpb_wrapper\"><p style=\"text-align: center;\">Gaudeix amb nosaltres de la navegaci\u00f3 a vela i del seu silenci a trav\u00e9s de la Reserva Marina del Nord de Menorca solcant la badia de Fornells cap a llocs \u00fanics i algunes de les cales i platges verges m\u00e9s boniques de l&#8217;illa.<\/p>\n<\/div><\/div><div class=\"w-separator size_custom\" style=\"height:10px\"><\/div><\/div><\/div><\/div><div class=\"vc_col-sm-3 wpb_column vc_column_container\"><div class=\"vc_column-inner\"><div class=\"wpb_wrapper\"><\/div><\/div><\/div><\/div><div class=\"w-hwrapper valign_middle wrap align_center\" style=\"--hwrapper-gap:1.20rem\"><div class=\"w-btn-wrapper align_center hide_on_default hide_on_laptops hide_on_tablets hide_on_mobiles\"><a class=\"w-btn us-btn-style_7 us_custom_33a32594 icon_atleft\" href=\"#t1\"><i class=\"fas fa-users\"><\/i><span class=\"w-btn-label\">EXCURSI\u00d3 COMPARTIDA<\/span><\/a><\/div><div class=\"w-btn-wrapper align_center hide_on_default hide_on_laptops hide_on_tablets hide_on_mobiles\"><a class=\"w-btn us-btn-style_7 us_custom_33a32594 icon_atleft\" href=\"#t2\"><i class=\"fas fa-users-crown\"><\/i><span class=\"w-btn-label\">EXCURSI\u00d3 PRIVADA<\/span><\/a><\/div><div class=\"w-btn-wrapper align_center\"><a class=\"w-btn us-btn-style_7 us_custom_33a32594 icon_atleft\" href=\"#t2\"><i class=\"fas fa-users-crown\"><\/i><span class=\"w-btn-label\">TRIA LA TEVA EXCURSIO<\/span><\/a><\/div><\/div><\/div><\/div><\/div><\/div><\/div><\/section><section class=\"l-section wpb_row height_small with_img\"><div class=\"l-section-img\" role=\"img\" data-img-width=\"1620\" data-img-height=\"1080\" style=\"background-image: url(https:\/\/www.filigranesmenorca.com\/wp-content\/uploads\/2024\/05\/hkertjhoikj-Grande.jpg);background-repeat: no-repeat;\"><\/div><div class=\"l-section-overlay\" style=\"background:rgba(0,0,0,0.16)\"><\/div><div class=\"l-section-h i-cf\"><div class=\"g-cols vc_row via_flex valign_top type_default stacking_default\"><div class=\"vc_col-sm-12 wpb_column vc_column_container\"><div class=\"vc_column-inner\"><div class=\"wpb_wrapper\"><div class=\"w-separator size_custom\" style=\"height:100px\"><\/div><div class=\"g-cols wpb_row via_flex valign_top type_default stacking_default\"><div class=\"vc_col-sm-2 wpb_column vc_column_container\"><div class=\"vc_column-inner\"><div class=\"wpb_wrapper\"><\/div><\/div><\/div><div class=\"vc_col-sm-8 wpb_column vc_column_container\"><div class=\"vc_column-inner\"><div class=\"wpb_wrapper\"><h2 class=\"w-text us_custom_ce2e9ebd has_text_color us_animate_this\" id=\"stext\"><span class=\"w-text-h\"><span class=\"w-text-value\">Gaudeix de les teves millors vacances a Menorca<\/span><\/span><\/h2><\/div><\/div><\/div><div class=\"vc_col-sm-2 wpb_column vc_column_container\"><div class=\"vc_column-inner\"><div class=\"wpb_wrapper\"><\/div><\/div><\/div><\/div><div class=\"w-separator size_custom\" style=\"height:100px\"><\/div><\/div><\/div><\/div><\/div><\/div><\/section><section class=\"l-section wpb_row height_small\" id=\"t2\"><div class=\"l-section-overlay\" style=\"background:#333333\"><\/div><div class=\"l-section-h i-cf\"><div class=\"g-cols vc_row via_flex valign_middle type_default stacking_default\"><div class=\"vc_col-sm-4 wpb_column vc_column_container\"><div class=\"vc_column-inner\"><div class=\"wpb_wrapper\"><div class=\"g-cols wpb_row via_flex valign_top type_default stacking_default\"><div class=\"vc_col-sm-12 wpb_column vc_column_container has_text_color\"><div class=\"vc_column-inner us_custom_f8135870 us_animate_this\"><div class=\"wpb_wrapper\"><div class=\"w-iconbox us_custom_6df4bc3a has_text_color iconpos_top style_default color_contrast align_center no_text no_title\"><div class=\"w-iconbox-icon\" style=\"font-size:2rem;\"><i class=\"fas fa-users-crown\"><\/i><\/div><div class=\"w-iconbox-meta\"><\/div><\/div><div class=\"wpb_text_column\"><div class=\"wpb_wrapper\"><h2 style=\"text-align: center;\"><strong>EXCURSIONS PRIVADES<\/strong><\/h2>\n<p style=\"text-align: center;\">Gaudeix en exclusiva de la navegaci\u00f3 a vela i de la seva silenci a trav\u00e9s de la Reserva Marina del Nord de Menorca solcant la badia de Fornells cap a llocs \u00fanics i algunes de les cales i platges verges m\u00e9s boniques de l&#8217;illa.<\/p>\n<\/div><\/div><\/div><\/div><\/div><\/div><\/div><\/div><\/div><div class=\"vc_col-sm-8 wpb_column vc_column_container\"><div class=\"vc_column-inner\"><div class=\"wpb_wrapper\"><div class=\"w-grid type_grid layout_4705 cols_2 overflow_hidden with_css_animation\" id=\"us_grid_1\" style=\"--gap:1.5rem;\"><style>@media (max-width:600px){#us_grid_1 .w-grid-list{margin:0}#us_grid_1 .w-grid-item{width:100%;padding:0;margin-bottom:var(--gap,0px)}}.layout_4705 .w-grid-item-h{background:var(--color-content-bg);color:var(--color-content-text);border-radius:2rem;box-shadow:0 0.1rem 0.2rem rgba(0,0,0,0.1),0 0.33rem 1rem rgba(0,0,0,0.1);transition-duration:0.3s}.no-touch .layout_4705 .w-grid-item-h:hover{box-shadow:0 0.2rem 0.4rem rgba(0,0,0,0.1),0 0.67rem 2rem rgba(0,0,0,0.15);z-index:4}.layout_4705 .usg_btn_1{transition-duration:0.3s;transform-origin:50% 50%;transform:scale(1) translate(0%,0%)}.layout_4705 .w-grid-item-h:hover .usg_btn_1{transform:scale(1) translate(0%,0%);opacity:1}.layout_4705 .usg_post_image_1{position:static!important}.layout_4705 .usg_post_title_1{font-weight:700!important;font-size:1.4rem!important}.layout_4705 .usg_vwrapper_1{position:static!important;padding:9% 11% 11% 11%!important}.layout_4705 .usg_post_custom_field_1{color:#333333!important}.layout_4705 .usg_text_6{font-size:16px!important;font-weight:800!important;margin-right:5px!important}.layout_4705 .usg_post_custom_field_13{color:#333333!important}.layout_4705 .usg_text_2{font-size:16px!important;font-weight:800!important;margin-right:5px!important}.layout_4705 .usg_text_3{font-weight:800!important;font-size:16px!important;margin-right:5px!important}.layout_4705 .usg_post_custom_field_2{color:#333333!important}@media (max-width:600px){.layout_4705 .usg_post_title_1{font-size:1.2rem!important}}<\/style><div class=\"w-grid-list\">\t<article class=\"w-grid-item us_animate_afc size_1x1 post-8034 product type-product status-publish has-post-thumbnail product_cat-excursion-privada-ca first instock sold-individually shipping-taxable purchasable product-type-simple\" data-id=\"8034\" style=\"animation-delay:0s\">\r\n\t\t<div class=\"w-grid-item-h\">\r\n\t\t\t\t\t\t<div class=\"w-post-elm post_image usg_post_image_1 stretched\"><a href=\"https:\/\/www.filigranesmenorca.com\/ca\/producto\/excursion-privada-dia-completo\/\" aria-label=\"Excursi\u00f3 Privada- Dia complert\"><img loading=\"lazy\" decoding=\"async\" width=\"600\" height=\"400\" src=\"https:\/\/www.filigranesmenorca.com\/wp-content\/uploads\/2025\/02\/FiligranesMenorca-116-600x400.jpg\" class=\"attachment-us_600_400_crop size-us_600_400_crop wp-post-image\" alt=\"\" srcset=\"https:\/\/www.filigranesmenorca.com\/wp-content\/uploads\/2025\/02\/FiligranesMenorca-116-600x400.jpg 600w, https:\/\/www.filigranesmenorca.com\/wp-content\/uploads\/2025\/02\/FiligranesMenorca-116-327x218.jpg 327w, https:\/\/www.filigranesmenorca.com\/wp-content\/uploads\/2025\/02\/FiligranesMenorca-116-400x266.jpg 400w\" sizes=\"(max-width: 600px) 100vw, 600px\" \/><\/a><\/div><div class=\"w-vwrapper usg_vwrapper_1 align_center\"><h2 class=\"w-post-elm post_title usg_post_title_1 align_center woocommerce-loop-product__title color_link_inherit\">Excursi\u00f3 Privada- Dia complert<\/h2><div class=\"w-hwrapper usg_hwrapper_1 align_center valign_middle\" style=\"--hwrapper-gap:0.5rem\"><div class=\"w-vwrapper usg_vwrapper_3 align_left\" style=\"--vwrapper-gap:0.5rem\"><div class=\"w-hwrapper usg_hwrapper_2 align_left\" style=\"--hwrapper-gap:0.1rem\"><div class=\"w-text usg_text_3\"><span class=\"w-text-h\"><span class=\"w-text-value\">Eslora:<\/span><\/span><\/div><div class=\"w-post-elm post_custom_field usg_post_custom_field_2 has_text_color type_text eslora exacta color_link_inherit\"><span class=\"w-post-elm-value\">11,85<\/span><span class=\"w-post-elm-after\"> m<\/span><\/div><\/div><\/div><\/div><div class=\"w-hwrapper usg_hwrapper_10 align_center valign_middle\" style=\"--hwrapper-gap:0.5rem\"><div class=\"w-vwrapper usg_vwrapper_4 align_left\" style=\"--vwrapper-gap:0.5rem\"><div class=\"w-hwrapper usg_hwrapper_9 align_left\" style=\"--hwrapper-gap:0.1rem\"><div class=\"w-text usg_text_2\"><span class=\"w-text-h\"><span class=\"w-text-value\">Capacitat:<\/span><\/span><\/div><div class=\"w-post-elm post_custom_field usg_post_custom_field_1 has_text_color type_text capacidad color_link_inherit\"><span class=\"w-post-elm-value\">9<\/span><span class=\"w-post-elm-after\"> pers.<\/span><\/div><\/div><\/div><\/div><div class=\"w-hwrapper usg_hwrapper_13 align_center valign_middle\" style=\"--hwrapper-gap:0.5rem\"><div class=\"w-vwrapper usg_vwrapper_6 align_left\" style=\"--vwrapper-gap:0.5rem\"><div class=\"w-hwrapper usg_hwrapper_14 align_left\" style=\"--hwrapper-gap:0.1rem\"><div class=\"w-text usg_text_6\"><span class=\"w-text-h\"><span class=\"w-text-value\">Ubicaci\u00f3:<\/span><\/span><\/div><div class=\"w-post-elm post_custom_field usg_post_custom_field_13 has_text_color type_text ubicacion color_link_inherit\"><span class=\"w-post-elm-value\">Port de Fornells<\/span><\/div><\/div><\/div><\/div><div class=\"w-hwrapper usg_hwrapper_5 align_center\"><div class=\"w-post-elm post_custom_field usg_post_custom_field_7 type_text precio_desde color_link_inherit\"><i class=\"fal fa-tag\"><\/i><span class=\"w-post-elm-value\">Des de 300\u20ac<\/span><\/div><\/div><div class=\"w-hwrapper usg_hwrapper_4 align_center valign_middle\"><a class=\"w-btn us-btn-style_6 usg_btn_1\" href=\"https:\/\/www.filigranesmenorca.com\/ca\/producto\/excursion-privada-dia-completo\/\"><span class=\"w-btn-label\">M\u00e9s detalls<\/span><\/a><\/div><\/div>\t\t<\/div>\r\n\t\t\t<\/article>\r\n\t<article class=\"w-grid-item us_animate_afc size_1x1 post-8036 product type-product status-publish has-post-thumbnail product_cat-excursion-privada-ca  instock sold-individually shipping-taxable purchasable product-type-simple\" data-id=\"8036\" style=\"animation-delay:0.1s\">\r\n\t\t<div class=\"w-grid-item-h\">\r\n\t\t\t\t\t\t<div class=\"w-post-elm post_image usg_post_image_1 stretched\"><a href=\"https:\/\/www.filigranesmenorca.com\/ca\/producto\/excursion-privada-atardecer\/\" aria-label=\"Excursi\u00f3 Privada- Capvespre\"><img loading=\"lazy\" decoding=\"async\" width=\"600\" height=\"400\" src=\"https:\/\/www.filigranesmenorca.com\/wp-content\/uploads\/2024\/07\/IMG-8428-600x400.jpg\" class=\"attachment-us_600_400_crop size-us_600_400_crop wp-post-image\" alt=\"\" srcset=\"https:\/\/www.filigranesmenorca.com\/wp-content\/uploads\/2024\/07\/IMG-8428-600x400.jpg 600w, https:\/\/www.filigranesmenorca.com\/wp-content\/uploads\/2024\/07\/IMG-8428-327x218.jpg 327w, https:\/\/www.filigranesmenorca.com\/wp-content\/uploads\/2024\/07\/IMG-8428-400x266.jpg 400w\" sizes=\"(max-width: 600px) 100vw, 600px\" \/><\/a><\/div><div class=\"w-vwrapper usg_vwrapper_1 align_center\"><h2 class=\"w-post-elm post_title usg_post_title_1 align_center woocommerce-loop-product__title color_link_inherit\">Excursi\u00f3 Privada- Capvespre<\/h2><div class=\"w-hwrapper usg_hwrapper_1 align_center valign_middle\" style=\"--hwrapper-gap:0.5rem\"><div class=\"w-vwrapper usg_vwrapper_3 align_left\" style=\"--vwrapper-gap:0.5rem\"><div class=\"w-hwrapper usg_hwrapper_2 align_left\" style=\"--hwrapper-gap:0.1rem\"><div class=\"w-text usg_text_3\"><span class=\"w-text-h\"><span class=\"w-text-value\">Eslora:<\/span><\/span><\/div><div class=\"w-post-elm post_custom_field usg_post_custom_field_2 has_text_color type_text eslora exacta color_link_inherit\"><span class=\"w-post-elm-value\">11,85<\/span><span class=\"w-post-elm-after\"> m<\/span><\/div><\/div><\/div><\/div><div class=\"w-hwrapper usg_hwrapper_10 align_center valign_middle\" style=\"--hwrapper-gap:0.5rem\"><div class=\"w-vwrapper usg_vwrapper_4 align_left\" style=\"--vwrapper-gap:0.5rem\"><div class=\"w-hwrapper usg_hwrapper_9 align_left\" style=\"--hwrapper-gap:0.1rem\"><div class=\"w-text usg_text_2\"><span class=\"w-text-h\"><span class=\"w-text-value\">Capacitat:<\/span><\/span><\/div><div class=\"w-post-elm post_custom_field usg_post_custom_field_1 has_text_color type_text capacidad color_link_inherit\"><span class=\"w-post-elm-value\">9<\/span><span class=\"w-post-elm-after\"> pers.<\/span><\/div><\/div><\/div><\/div><div class=\"w-hwrapper usg_hwrapper_13 align_center valign_middle\" style=\"--hwrapper-gap:0.5rem\"><div class=\"w-vwrapper usg_vwrapper_6 align_left\" style=\"--vwrapper-gap:0.5rem\"><div class=\"w-hwrapper usg_hwrapper_14 align_left\" style=\"--hwrapper-gap:0.1rem\"><div class=\"w-text usg_text_6\"><span class=\"w-text-h\"><span class=\"w-text-value\">Ubicaci\u00f3:<\/span><\/span><\/div><div class=\"w-post-elm post_custom_field usg_post_custom_field_13 has_text_color type_text ubicacion color_link_inherit\"><span class=\"w-post-elm-value\">Port de Fornells<\/span><\/div><\/div><\/div><\/div><div class=\"w-hwrapper usg_hwrapper_5 align_center\"><div class=\"w-post-elm post_custom_field usg_post_custom_field_7 type_text precio_desde color_link_inherit\"><i class=\"fal fa-tag\"><\/i><span class=\"w-post-elm-value\">Des de 200\u20ac<\/span><\/div><\/div><div class=\"w-hwrapper usg_hwrapper_4 align_center valign_middle\"><a class=\"w-btn us-btn-style_6 usg_btn_1\" href=\"https:\/\/www.filigranesmenorca.com\/ca\/producto\/excursion-privada-atardecer\/\"><span class=\"w-btn-label\">M\u00e9s detalls<\/span><\/a><\/div><\/div>\t\t<\/div>\r\n\t\t\t<\/article>\r\n<\/div><div class=\"w-grid-preloader\">\t<div class=\"g-preloader type_1\">\r\n\t\t<div><\/div>\r\n\t<\/div>\r\n\t<\/div>\t<div class=\"w-grid-json hidden\" onclick='return {&quot;action&quot;:&quot;us_ajax_grid&quot;,&quot;infinite_scroll&quot;:0,&quot;max_num_pages&quot;:1,&quot;pagination&quot;:&quot;none&quot;,&quot;template_vars&quot;:{&quot;columns&quot;:&quot;2&quot;,&quot;exclude_items&quot;:&quot;none&quot;,&quot;img_size&quot;:&quot;default&quot;,&quot;ignore_items_size&quot;:0,&quot;items_layout&quot;:&quot;4705&quot;,&quot;items_offset&quot;:&quot;1&quot;,&quot;load_animation&quot;:&quot;afc&quot;,&quot;overriding_link&quot;:&quot;{\\&quot;url\\&quot;:\\&quot;\\&quot;}&quot;,&quot;post_id&quot;:0,&quot;query_args&quot;:{&quot;ignore_sticky_posts&quot;:1,&quot;post_type&quot;:&quot;any&quot;,&quot;post__in&quot;:[&quot;7856&quot;,&quot;7857&quot;],&quot;tax_query&quot;:[{&quot;taxonomy&quot;:&quot;product_visibility&quot;,&quot;field&quot;:&quot;slug&quot;,&quot;terms&quot;:[&quot;exclude-from-catalog&quot;],&quot;operator&quot;:&quot;NOT IN&quot;}],&quot;posts_per_page&quot;:&quot;10&quot;},&quot;orderby_query_args&quot;:{&quot;orderby&quot;:{&quot;post__in&quot;:&quot;ASC&quot;},&quot;order&quot;:&quot;ASC&quot;},&quot;type&quot;:&quot;grid&quot;,&quot;us_grid_post_type&quot;:&quot;ids&quot;,&quot;us_grid_ajax_index&quot;:1,&quot;us_grid_filter_query_string&quot;:null,&quot;us_grid_index&quot;:1,&quot;page_args&quot;:[],&quot;lang&quot;:&quot;ca&quot;}}'><\/div>\r\n\t<\/div><\/div><\/div><\/div><\/div><\/div><\/section><section class=\"l-section wpb_row height_small with_img\"><div class=\"l-section-img\" role=\"img\" data-img-width=\"1618\" data-img-height=\"1080\" style=\"background-image: url(https:\/\/www.filigranesmenorca.com\/wp-content\/uploads\/2024\/05\/kfjhgkrjgh-Grande.jpg);background-repeat: no-repeat;\"><\/div><div class=\"l-section-overlay\" style=\"background:rgba(0,0,0,0.16)\"><\/div><div class=\"l-section-h i-cf\"><div class=\"g-cols vc_row via_flex valign_top type_default stacking_default\"><div class=\"vc_col-sm-12 wpb_column vc_column_container\"><div class=\"vc_column-inner\"><div class=\"wpb_wrapper\"><div class=\"w-separator size_custom\" style=\"height:150px\"><\/div><div class=\"g-cols wpb_row via_flex valign_top type_default stacking_default\"><div class=\"vc_col-sm-2 wpb_column vc_column_container\"><div class=\"vc_column-inner\"><div class=\"wpb_wrapper\"><\/div><\/div><\/div><div class=\"vc_col-sm-8 wpb_column vc_column_container\"><div class=\"vc_column-inner\"><div class=\"wpb_wrapper\"><h2 class=\"w-text us_custom_ce2e9ebd has_text_color us_animate_this\" id=\"stext\"><span class=\"w-text-h\"><span class=\"w-text-value\">Menorca en vaixell. Un parad\u00eds a l&#8217;abast de la m\u00e0.<\/span><\/span><\/h2><\/div><\/div><\/div><div class=\"vc_col-sm-2 wpb_column vc_column_container\"><div class=\"vc_column-inner\"><div class=\"wpb_wrapper\"><\/div><\/div><\/div><\/div><div class=\"w-separator size_custom\" style=\"height:150px\"><\/div><\/div><\/div><\/div><\/div><\/div><\/section><section class=\"l-section wpb_row us_custom_d60b1d81 height_medium width_full\"><div class=\"l-section-overlay\" style=\"background:#194885\"><\/div><div class=\"l-section-h i-cf\"><div class=\"g-cols vc_row via_flex valign_top type_default stacking_default\"><div class=\"vc_col-sm-2 wpb_column vc_column_container\"><div class=\"vc_column-inner\"><div class=\"wpb_wrapper\"><\/div><\/div><\/div><div class=\"vc_col-sm-8 wpb_column vc_column_container\"><div class=\"vc_column-inner\"><div class=\"wpb_wrapper\"><h2 class=\"w-text us_custom_5242c827 has_text_color\"><span class=\"w-text-h\"><span class=\"w-text-value\">QU\u00c8 ENS FA DIFERENTS?<\/span><\/span><\/h2><div class=\"w-separator size_medium\"><\/div><div class=\"g-cols wpb_row via_flex valign_top type_default stacking_default\"><div class=\"vc_col-sm-1\/5 wpb_column vc_column_container\"><div class=\"vc_column-inner us_custom_4500dae1\"><div class=\"wpb_wrapper\"><div class=\"w-iconbox us_custom_6102b3f8 has_text_color iconpos_top style_default color_custom align_center\"><div class=\"w-iconbox-icon\" style=\"font-size:2rem;--icon-color:#ffffff;\"><i class=\"fas fa-users-crown\"><\/i><\/div><div class=\"w-iconbox-meta\"><p class=\"w-iconbox-title\">TRACTE 100% PERSONALITZAT<\/p><div class=\"w-iconbox-text\"><p>Gr\u00e0cies al fet que oferim el nostre veler a grups redu\u00efts, us podem oferir l&#8217;experi\u00e8ncia m\u00e9s personalitzada possible.<\/p>\n<\/div><\/div><\/div><\/div><\/div><\/div><div class=\"vc_col-sm-1\/5 wpb_column vc_column_container\"><div class=\"vc_column-inner us_custom_4500dae1\"><div class=\"wpb_wrapper\"><div class=\"w-iconbox us_custom_6102b3f8 has_text_color iconpos_top style_default color_custom align_center\"><div class=\"w-iconbox-icon\" style=\"font-size:2rem;--icon-color:#ffffff;\"><i class=\"fas fa-wreath\"><\/i><\/div><div class=\"w-iconbox-meta\"><p class=\"w-iconbox-title\">EXPERI\u00c8NCIA PRIVADA<\/p><div class=\"w-iconbox-text\"><p>Aconsegueix una experi\u00e8ncia privada i \u00edntima. Limita&#8217;t a gaudir de les teves vacances sense mol\u00e8sties de cap mena.<\/p>\n<\/div><\/div><\/div><\/div><\/div><\/div><div class=\"vc_col-sm-1\/5 wpb_column vc_column_container\"><div class=\"vc_column-inner us_custom_4500dae1\"><div class=\"wpb_wrapper\"><div class=\"w-iconbox us_custom_6102b3f8 has_text_color iconpos_top style_default color_custom align_center\"><div class=\"w-iconbox-icon\" style=\"font-size:2rem;--icon-color:#ffffff;\"><i class=\"fas fa-anchor\"><\/i><\/div><div class=\"w-iconbox-meta\"><p class=\"w-iconbox-title\">GRAN EXPERI\u00c8NCIA<\/p><div class=\"w-iconbox-text\"><p>El nostre patr\u00f3 disposa d\u00b4una \u00e0mplia experi\u00e8ncia navegant. Simplement gaudeix del moment.<\/p>\n<\/div><\/div><\/div><\/div><\/div><\/div><div class=\"vc_col-sm-1\/5 wpb_column vc_column_container\"><div class=\"vc_column-inner us_custom_4500dae1\"><div class=\"wpb_wrapper\"><div class=\"w-iconbox us_custom_6102b3f8 has_text_color iconpos_top style_default color_custom align_center\"><div class=\"w-iconbox-icon\" style=\"font-size:2rem;--icon-color:#ffffff;\"><i class=\"fas fa-swimmer\"><\/i><\/div><div class=\"w-iconbox-meta\"><p class=\"w-iconbox-title\">PATR\u00d3 MENORQU\u00cd<\/p><div class=\"w-iconbox-text\"><p>El nostre patr\u00f3, natural de Menorca, coneix l&#8217;illa i els seus racons m\u00e9s incre\u00efbles a la perfecci\u00f3. Deixa&#8217;t portar i gaudeix de la Menorca aut\u00e8ntica.<\/p>\n<\/div><\/div><\/div><\/div><\/div><\/div><div class=\"vc_col-sm-1\/5 wpb_column vc_column_container\"><div class=\"vc_column-inner us_custom_4500dae1\"><div class=\"wpb_wrapper\"><div class=\"w-iconbox us_custom_6102b3f8 has_text_color iconpos_top style_default color_custom align_center\"><div class=\"w-iconbox-icon\" style=\"font-size:2rem;--icon-color:#ffffff;\"><i class=\"fas fa-recycle\"><\/i><\/div><div class=\"w-iconbox-meta\"><p class=\"w-iconbox-title\">NAVEGACI\u00d3 SOSTENIBLE<\/p><div class=\"w-iconbox-text\"><p>La nostra navegaci\u00f3 a vela no t\u00e9 impacte al medi ambient i respectant al m\u00e0xim la vida marina.<\/p>\n<\/div><\/div><\/div><\/div><\/div><\/div><\/div><\/div><\/div><\/div><div class=\"vc_col-sm-2 wpb_column vc_column_container\"><div class=\"vc_column-inner\"><div class=\"wpb_wrapper\"><\/div><\/div><\/div><\/div><\/div><\/section>\n","protected":false},"excerpt":{"rendered":"Detalls de l\u00b4excursi\u00f3Sortim de Fornells a les 18:30h i naveguem a vela a trav\u00e9s de la Reserva Marina del Nord de Menorca per refrescar-nos, fer snorkel i jugar amb els p\u00e0del surf a les aig\u00fces blaves d&#8217;una caleta verge. Aqu\u00ed vos oferim un aperitiu menorqu\u00ed i poc abans de la posta de sol ens endinsem...","protected":false},"author":8,"featured_media":8040,"parent":0,"menu_order":0,"comment_status":"closed","ping_status":"closed","template":"","meta":{"_acf_changed":false,"_joinchat":[],"footnotes":""},"acf":[],"_links":{"self":[{"href":"https:\/\/www.filigranesmenorca.com\/ca\/wp-json\/wp\/v2\/pages\/8038"}],"collection":[{"href":"https:\/\/www.filigranesmenorca.com\/ca\/wp-json\/wp\/v2\/pages"}],"about":[{"href":"https:\/\/www.filigranesmenorca.com\/ca\/wp-json\/wp\/v2\/types\/page"}],"author":[{"embeddable":true,"href":"https:\/\/www.filigranesmenorca.com\/ca\/wp-json\/wp\/v2\/users\/8"}],"replies":[{"embeddable":true,"href":"https:\/\/www.filigranesmenorca.com\/ca\/wp-json\/wp\/v2\/comments?post=8038"}],"version-history":[{"count":9,"href":"https:\/\/www.filigranesmenorca.com\/ca\/wp-json\/wp\/v2\/pages\/8038\/revisions"}],"predecessor-version":[{"id":8118,"href":"https:\/\/www.filigranesmenorca.com\/ca\/wp-json\/wp\/v2\/pages\/8038\/revisions\/8118"}],"wp:featuredmedia":[{"embeddable":true,"href":"https:\/\/www.filigranesmenorca.com\/ca\/wp-json\/wp\/v2\/media\/8040"}],"wp:attachment":[{"href":"https:\/\/www.filigranesmenorca.com\/ca\/wp-json\/wp\/v2\/media?parent=8038"}],"curies":[{"name":"wp","href":"https:\/\/api.w.org\/{rel}","templated":true}]}}